{"id":476,"date":"2024-06-03T15:29:44","date_gmt":"2024-06-03T13:29:44","guid":{"rendered":"https:\/\/mobilkreis.de\/?page_id=476"},"modified":"2025-10-14T07:58:44","modified_gmt":"2025-10-14T05:58:44","slug":"mobilkreis-tagung-2","status":"publish","type":"page","link":"https:\/\/mobilkreis.de\/en\/mobilkreis-tagung-2\/","title":{"rendered":"MobilKreis conference"},"content":{"rendered":"<div id=\"cs-content\" class=\"cs-content\"><div class=\"x-section e476-e1 md8-0 md8-1 sa_header--section\"><div class=\"x-row x-container max width e476-e2 md8-4 md8-5 md8-7 md8-8\"><div class=\"x-row-inner\"><div class=\"x-col e476-e3 md8-f md8-g\"><div class=\"x-text x-text-headline e476-e4 md8-h\"><div class=\"x-text-content\"><div class=\"x-text-content-text\"><h2 class=\"x-text-content-text-primary\">MobilKreis conference<\/h2>\n<\/div><\/div><\/div><\/div><\/div><\/div><div class=\"x-row x-container max width e476-e5 md8-4 md8-6 md8-7 md8-9\"><div class=\"x-row-inner\"><div class=\"x-col e476-e6 md8-g\"><div class=\"x-text x-content e476-e7 md8-i md8-j md8-k md8-l\"><p style=\"text-align: justify;\">Following a successful launch last year, we are hosting the 2nd MobilKreis Conference in Dortmund on September 23 and 24, 2025. This year's theme is \"<strong>Shaping the circular economy together: innovations between science and practice<\/strong>&ldquo;. <span class=\"OYPEnA font-feature-liga-off font-feature-clig-off font-feature-calt-off text-decoration-none text-strikethrough-none\">The conference is a platform for exchanging experiences, gathering valuable suggestions, developing new ideas, and engaging in interesting discussions. You can expect presentations, workshops, and keynote speeches that will provide inspiration for a sustainable future. Topics include the optimization of dismantling processes, the reuse of automotive components, information exchange in circular production networks, intelligent and variable process planning, and many more.<\/span><\/p>\n<p>We look forward to your participation!<\/p><\/div><\/div><\/div><\/div><\/div><div class=\"x-section e476-e8 md8-0 md8-2\"><div class=\"x-row x-container max width e476-e9 md8-4 md8-5 md8-7 md8-a\"><div class=\"x-row-inner\"><div class=\"x-col e476-e10 md8-g\"><div class=\"x-text x-content e476-e11 md8-j md8-m md8-n md8-o translation-block\">All contributions are available free of charge in the anthology on the <a href=\"https:\/\/hub.mobilkreis.de\/\" target=\"_self\">MobilKreis Hub<\/a>.<\/div><hr class=\"x-line e476-e12 md8-r md8-s\"\/><div class=\"x-text x-content e476-e13 md8-j md8-k md8-l md8-m md8-p\"><h6><strong>Key Facts<\/strong><\/h6>\n<ul>\n<li>When: 23 - 24 September 2025<\/li>\n<li>Where: Dortmund Technical University, Seminar Room Building 1 (SRG1), Friedrich W\u00f6hler Weg 6<\/li>\n<li>Objective: Make innovations in the circular economy accessible to the general public<\/li>\n<li>Primary language: German, Secondary language: English<\/li>\n<li>Address of the evening event: Brauturm in the Dortmunder U, Leonie-Reygers-Terrasse, 44137 Dortmund<\/li>\n<li>Program: <a title=\"Programm_MobilKreisTagung_2025\" href=\"https:\/\/mobilkreis.de\/wp-content\/uploads\/2025\/09\/Programm_Website.pdf\">PDF<\/a> (as of 15.09.2025) or further down the page<\/li>\n<\/ul><\/div><\/div><\/div><\/div><div class=\"x-row x-container max width e476-e14 md8-4 md8-5 md8-7 md8-b\"><div class=\"x-row-inner\"><div class=\"x-col e476-e15 md8-g\"><hr class=\"x-line e476-e16 md8-r md8-s\"\/><a class=\"x-anchor x-anchor-button e476-e17 md8-u\" tabindex=\"0\" href=\"https:\/\/mobilkreis.de\/wp-content\/uploads\/2025\/09\/Programm_Website.pdf\" target=\"_blank\" rel=\"noopener noreferrer\"><div class=\"x-anchor-content\"><div class=\"x-anchor-text\"><span class=\"x-anchor-text-primary\">Program<\/span><\/div><\/div><\/a><\/div><\/div><\/div><div class=\"x-row x-container max width e476-e18 md8-4 md8-5 md8-7 md8-c\"><div class=\"x-row-inner\"><div class=\"x-col e476-e19 md8-g\"><hr class=\"x-line e476-e20 md8-v\"\/><\/div><\/div><\/div><div class=\"x-row x-container max width e476-e21 md8-4 md8-5 md8-7 md8-d\"><div class=\"x-row-inner\"><div class=\"x-col e476-e22 md8-g\"><div class=\"x-acc e476-e23 md8-w\" id=\"x-acc-e476-e23\"><div class=\"e476-e24 x-acc-item\"><button id=\"tab-e476-e24\" class=\"x-acc-header\" role=\"button\" type=\"button\" aria-expanded=\"false\" aria-controls=\"panel-e476-e24\" data-x-toggle=\"collapse\" data-x-toggleable=\"e476-e24\"><span class=\"x-acc-header-content\"><span class=\"x-acc-header-indicator\">&#x25b8;<\/span><span class=\"x-acc-header-text\"><span style=\"color: #000000;\"><strong>Call for Papers<\/strong><\/span><\/span><\/span><\/button><div id=\"panel-e476-e24\" role=\"tabpanel\" aria-hidden=\"true\" aria-labelledby=\"tab-e476-e24\" data-x-toggleable=\"e476-e24\" data-x-toggle-collapse=\"1\" class=\"x-collapsed\"><div class=\"x-acc-content\"><div class=\"x-text x-content e476-e25 md8-j md8-k md8-m md8-o\"><p class=\"translation-block\">The conference places a strong <strong>focus on practice-orientated approaches<\/strong>. The aim is to prepare scientific findings and research results in such a way that they are understandable and accessible to the general public. The <strong> papers<\/strong>. to be prepared and the <strong>presentations <\/strong>.at the conference should fulfil the following criteria:<\/p>\n<ol>\n<li class=\"translation-block\"><strong>Expressiveness<\/strong>: The content of the papers and presentations should be clear and concise. Complex research results are presented in an understandable way in order to offer readers and listeners added value.<\/li>\n<li class=\"translation-block\">Public accessibility: The papers and presentations will not only be made available to conference participants, but also to the general public on the MobilKreis Hub (<a href=\"https:\/\/hub.mobilkreis.de\/\" target=\"_self\">https:\/\/hub.mobilkreis.de\/<\/a>). This enables an additional and long-lasting transfer of knowledge beyond the conference.<\/li>\n<\/ol>\n<p><strong>General conditions<\/strong>:<\/p>\n<ul>\n<li class=\"translation-block\"><strong>Contributions<\/strong>: Paper with 4 - 10 pages of text (references and biographies excluded) or corporate strategies related to circular economy<\/li>\n<li class=\"translation-block\"><strong>Language<\/strong>: Conference language is German, submissions in English are also possible<\/li>\n<li class=\"translation-block\"><strong>Focus<\/strong>: Practical transfer of results based on scientific findings from your project or company<\/li>\n<li class=\"translation-block\"><strong>Template:<\/strong> Word-Template (<a href=\"https:\/\/mobilkreis.de\/wp-content\/uploads\/2025\/02\/Vorlage_MobilKreis_Tagung-1.docx\" target=\"_blank\" rel=\"noopener\">download<\/a>)<\/li>\n<\/ul>\n<p><strong>Time course<\/strong>:<\/p>\n<ul>\n<li><strong>Deadline<\/strong> for the <strong>contribution<\/strong> (Word und PDF): <span style=\"text-decoration: line-through;\"><span style=\"color: #000000; text-decoration: line-through;\">Extended until <strong>13.06.2025<\/strong><\/span><\/span>, to <a href=\"mailto:benjamin.koch@mb.tu-chemnitz.de\">benjamin.koch@mb.tu-chemnitz.de<\/a><\/li>\n<li><strong>Feedback<\/strong> on the article: <span style=\"text-decoration: line-through;\"><strong>04.07.2025<\/strong><\/span><\/li>\n<li><strong>Submission<\/strong> of the <strong>revised contribution<\/strong>: <span style=\"text-decoration: line-through;\"><span style=\"color: #000000;\"><strong>28.07.2025<\/strong><\/span><\/span><\/li>\n<li><strong>Deadline<\/strong> for the <strong>presentation<\/strong> (PowerPoint + PDF): <span style=\"text-decoration: line-through; color: #000000;\"><strong>09.09.2025<\/strong><\/span>, also to <a href=\"mailto:benjamin.koch@mb.tu-chemnitz.de\">benjamin.koch@mb.tu-chemnitz.de<\/a><\/li>\n<\/ul>\n<p><strong>Additional notes<\/strong>:<\/p>\n<ol>\n<li>Both the contribution and the presentation will be published on the MobilKreis Hub, please note any confidentiality agreements with your partners.<\/li>\n<li>The contribution can have more depth than the presentation, but the presentation should be meaningful on its own (e.g. on the MobilKreis Hub).<\/li>\n<li>The paper and presentation should be prepared in such a way that they can also be understood by non-scientists.<\/li>\n<li>For the practical transfer of results, it is advisable to derive concrete basic ideas and recommendations for action for companies - especially SMEs.<\/li>\n<\/ol>\n<p>We look forward to a lively exchange and a successful event!<\/p><\/div><\/div><\/div><\/div><div class=\"e476-e26 x-acc-item\"><button id=\"tab-e476-e26\" class=\"x-acc-header\" role=\"button\" type=\"button\" aria-expanded=\"false\" aria-controls=\"panel-e476-e26\" data-x-toggle=\"collapse\" data-x-toggleable=\"e476-e26\"><span class=\"x-acc-header-content\"><span class=\"x-acc-header-indicator\">&#x25b8;<\/span><span class=\"x-acc-header-text\"><span style=\"color: #000000;\"><strong>Travel and accommodation<\/strong><\/span><\/span><\/span><\/button><div id=\"panel-e476-e26\" role=\"tabpanel\" aria-hidden=\"true\" aria-labelledby=\"tab-e476-e26\" data-x-toggleable=\"e476-e26\" data-x-toggle-collapse=\"1\" class=\"x-collapsed\"><div class=\"x-acc-content\"><div class=\"x-text x-content e476-e27 md8-j md8-m md8-n md8-o\"><p><strong>Maps and Directions:<\/strong><\/p><\/div><div class=\"x-div e476-e28 md8-x md8-y md8-z\"><a class=\"x-image e476-e29 md8-13 md8-14\" href=\"https:\/\/mobilkreis.de\/wp-content\/uploads\/2025\/07\/Anfahrtsplan_Final1.svg\" rel=\"nofollow noopener noreferrer\" target=\"_blank\"><img decoding=\"async\" src=\"https:\/\/mobilkreis.de\/wp-content\/uploads\/2025\/07\/Anfahrtsplan_Final1.svg\" width=\"512\" height=\"363\" alt=\"Image\" loading=\"lazy\"><\/a><hr class=\"x-line e476-e30 md8-s md8-t\"\/><div class=\"x-text x-content e476-e31 md8-j md8-m md8-n md8-o\"><p><strong>Hotel recommendations:<\/strong><\/p><\/div><\/div><div class=\"x-div e476-e32 md8-x md8-y md8-z\">    <style>\n        body {\n            font-family: Arial, sans-serif;\n            margin: 16px;\n        }\n        table {\n            width: 100%;\n            border-collapse: collapse;\n            margin-bottom: 30px;\n        }\n        th, td {\n            border: 1px solid #ddd;\n            padding: 8px;\n            text-align: left;\n        }\n        th {\n            background-color: #f4f4f4;\n        }\n        caption {\n            font-size: 1.5em;\n            margin-bottom: 10px;\n            font-weight: bold;\n        }\n    <\/style>\n\n\n\n<table>\n   \n    <thead>\n        <tr>\n            <th>Name<\/th>\n            <th>Address<\/th>\n            <th>Distance to the conference venue<\/th>\n            <th>Price per night (as of 28.07.2025)<\/th>\n            \n        <\/tr>\n    <\/thead>\n    <tbody>\n      \n      <tr>\n          <td>Courtyard Dortmund<\/td>\n          <td>Emil-Figge-Str. 41<\/td>\n          <td>1,5 km (Auto: 4 min, Bahn: 14 min)<\/td>\n          <td>120 \u20ac\/night (own website)<\/td>\n          \n      <\/tr>\n      \n        <tr>\n          <td>Dorint an den Westfalenhallen<\/td>\n          <td>Lindemannstr. 88<\/td>\n          <td>4,8 km (Auto: 7 min, Bahn: 39 min)<\/td>\n          <td>128 \u20ac\/night (Booking.com)<\/td>\n          \n      <\/tr>\n       <tr>\n          <td>Steigenberger Hotel Dortmund<\/td>\n          <td>Berswordtstr. 2<\/td>\n          <td>4,8 km (Auto: 7 min, Bahn: 38 min)<\/td><td>99 \u20ac\/night (Expedia)<\/td>   \n      <\/tr>\n      \n      <tr>\n          <td>Mercure Hotel Dortmund Messe <\/td>\n          <td>Strobelallee 41<\/td>\n          <td>4,8 km (Auto: 7 min, Bahn: 41 min)<\/td><td>146 \u20ac\/night (Booking.com)<\/td>   \n      <\/tr>\n      \n      <tr>\n          <td>Radisson Blu Hotel<\/td>\n          <td>An der Buschmuehle 1 <\/td>\n          <td>6,4 km (Auto: 9 min, Bahn: 65 min)<\/td><td>184 \u20ac\/night (Booking.com)<\/td>   \n      <\/tr>\n      \n      <tr>\n          <td>Ringhotel Drees <\/td>\n          <td>Hohe Str. 107 <\/td>\n          <td>5,0 km (Auto: 8 min, Bahn: 35 min)<\/td><td>136 \u20ac\/night (Booking.com)<\/td>   \n      <\/tr>\n      \n      <tr>\n          <td>Weigels Bed and Breakfast <\/td>\n          <td>Karl-Lieberknecht-Str. 3 <\/td>\n          <td>6,5 km (Auto: 9 min, Bahn: 60 min)<\/td><td>79 \u20ac\/night (eigene Website)<\/td>   \n      <\/tr>\n      \n      <tr>\n          <td>Hotel NeuHaus Integrations  <\/td>\n          <td>Agnes-Neuhaus-Str. 5 <\/td>\n          <td>5,0 km (Auto: 12 min, Bahn: 35 min)<\/td><td>68 \u20ac\/night (Booking.com)<\/td>   \n      <\/tr>\n      <tr>\n          <td>BRIGHT Dortmund City Center<\/td>\n          <td>S\u00fcdwall 17-19  <\/td>\n          <td>6,2 km (Auto: 11 min, Bahn: 32 min)<\/td><td>96 \u20ac\/night (Check24)<\/td>   \n      <\/tr>\n    \n        <\/tbody>\n<\/table>\n<\/div><\/div><\/div><\/div><div class=\"e476-e34 x-acc-item\"><button id=\"tab-e476-e34\" class=\"x-acc-header\" role=\"button\" type=\"button\" aria-expanded=\"false\" aria-controls=\"panel-e476-e34\" data-x-toggle=\"collapse\" data-x-toggleable=\"e476-e34\"><span class=\"x-acc-header-content\"><span class=\"x-acc-header-indicator\">&#x25b8;<\/span><span class=\"x-acc-header-text\"><span style=\"color: #000000;\"><strong>Recommendations for leisure activities before the conference<\/strong><\/span> <\/span><\/span><\/button><div id=\"panel-e476-e34\" role=\"tabpanel\" aria-hidden=\"true\" aria-labelledby=\"tab-e476-e34\" data-x-toggleable=\"e476-e34\" data-x-toggle-collapse=\"1\" class=\"x-collapsed\"><div class=\"x-acc-content\"><div class=\"x-text x-content e476-e35 md8-j md8-m md8-n md8-o\"><p><b><span data-contrast=\"auto\">Places<\/span><\/b><\/p>\n<p><span data-contrast=\"auto\"><em>PHOENIX West<\/em>: Former steelworks site with impressive blast furnace backdrop. Pure industrial culture to arrive at. A short walk between the gas blower hall and blast furnaces, and if you like, you can then stop off at the Bergmann-Stehbierhalle (industrial atmosphere, relaxed after-work beer, daily changing menu) or watch the immersive light shows at Phoenix des Lumi\u00e8res. Stop: Dortmund-H\u00f6rde (RE57, RB53, RB59, U41 towards Clarenberg), then: PHOENIX Platz (451 towards PHOENIX Park, 445 towards Technologiezentrum)<\/span><span data-ccp-props=\"{}\">&nbsp;<\/span><\/p>\n<p><span data-contrast=\"auto\"><em>Phoenix See\/Promenade<\/em>: Walk along the waterfront promenade (approx. 3 km circular route), caf\u00e9s\/ice cream parlors, and beautiful evening atmosphere by the water. Ideal for arriving. Stop: Dortmund-H\u00f6rde (RE57, RB53, RB59, U41 towards Clarenberg), then: PHOENIX Platz (451 towards PHOENIX Park, 445 towards Technologiezentrum)<\/span><span data-ccp-props=\"{}\">&nbsp;<\/span><\/p>\n<p><span data-contrast=\"auto\"><em>Westfalenpark<\/em>: Large city park with rose garden and plenty of space to breathe deeply (admission required). Note: The viewing platform at the Florianturm tower is usually closed on Mondays. Stop: Westfalenpark (U45 towards Westfalenhallen, U49 towards Hacheney)<\/span><span data-contrast=\"auto\">)<\/span><span data-ccp-props=\"{}\">&nbsp;<\/span><\/p>\n<p><span data-contrast=\"auto\"><em>Westfalen Stadium (SIGNAL IDUNA PARK)<\/em>: Germany's largest soccer stadium is a thrilling place to visit even when there is no game on. There are some great photo spots around the south stand and Strobelallee. You can also take a stadium tour and visit the BORUSSEUM (tickets can be purchased online or on site, opening hours 10 a.m. to 6 p.m.). In the evening, the arena is often lit up to create a special atmosphere. This can be easily combined with a short detour to Westfalenpark. Stops: Westfalenhallen (U45 (towards Westfalenhallen), U46 (towards Westfalenhallen), DO-Signal-Iduna-Park (RB53, RB59, RB52), Theodor-Fliedner-Heim (U42 towards Hombruch)<\/span><span data-ccp-props=\"{}\">&nbsp;<\/span><\/p>\n<p><span data-contrast=\"auto\"><em>Dortmunder U<\/em>: Landmark of the city with the illuminated \u201cU.\u201d Five minutes from the main train station. Perfect for a quick stop and photos. The interior is usually closed on Mondays, but the exterior, the animated screens, and the street art in the surrounding Unionviertel district are worth seeing at any time. Ideal as a start\/finish point for a short urban walk. Stops: Dortmunder U, Westentor (U42, U43, U44, 452)<\/span><span data-ccp-props=\"{}\">&nbsp;<\/span><\/p>\n<p><span data-contrast=\"auto\"><em>Port of Dortmund<\/em>: Industrial backdrop on the Dortmund-Ems Canal: cranes, quays, and ships. Perfect for a short evening stroll with photo stops. A creative quarter is emerging around Speicherstra\u00dfe. At the Umschlagplatz, for example (4-10 p.m.), there are (seasonal) relaxed drinks, deck chairs, and small events right on the water. Tip: Take a stroll along the quay and watch the sun set over the canal. Stop: Hafen (U47 towards Westerfilde)<\/span><span data-ccp-props=\"{}\">&nbsp;<\/span><\/p><\/div><hr class=\"x-line e476-e36 md8-s md8-t\"\/><div class=\"x-text x-content e476-e37 md8-j md8-m md8-n md8-o\"><p><b><span data-contrast=\"auto\">Activities<\/span><\/b><span data-ccp-props=\"{}\">&nbsp;<\/span><\/p>\n<p><span data-contrast=\"auto\"><em>Urban Walk<\/em>: Start at Rheinische Stra\u00dfe with street art around the Dortmunder U. Then continue into the trendy district with its many kiosks, bars, and small bistros. Everything is within walking distance, urban, and lively. Ideal for a leisurely after-work stroll with a quick stop for refreshments. Around M\u00f6llerbr\u00fccke, Kreuzstra\u00dfe, and Vinckeplatz, there are rows of bistros, pubs, and small restaurants: from pizza\/pasta to Ukrainian, often with vegetarian\/vegan options. Many establishments have outdoor terraces and are ideal for a relaxed evening out with short distances to cover. Monday evenings are usually quieter: first dinner, then on to a delicious beer (e.g., BUDE116EINHALB) or a wine\/cocktail bar (e.g., LUUPS). Stops: M\u00f6llerbr\u00fccke (S4, U42, 453), Kreuzstra\u00dfe (U42, 452, 453), Saarlandstra\u00dfe (U46, 452, 453)<\/span><span data-ccp-props=\"{}\">&nbsp;<\/span><\/p>\n<p><span data-contrast=\"auto\"><em>Phoenix des Lumi\u00e8res<\/em>: Immersive light exhibitions in an industrial setting, visually striking and weather-independent. Exhibitions on September 22: 10 a.m. to 1 p.m. In the Realm of the Pharaohs: An immersive journey into Ancient Egypt, 1:15 p.m. to 5 p.m.: Asterix &amp; Obelix: An immersive adventure. Open on Mondays during the day, it is best to reserve a time slot for the day. A great addition to a trip to Ph\u00f6nix West. Stop: Dortmund-H\u00f6rde (RE57, RB53, RB59, U41 towards Clarenberg), then: PHOENIX Platz (451 towards PHOENIX Park, 445 towards Technologiezentrum).<\/span><span data-ccp-props=\"{}\">&nbsp;<\/span><\/p>\n<p><span data-contrast=\"auto\"><em>DASA Working World Exhibition<\/em>: Large, interactive exhibition on work, technology, and safety. Currently featuring an additional studio exhibition on work and its consequences: 100 years of occupational diseases. Vivid and varied. Open on Mondays and good for 2-3 hours. Stops: Dortmund-Dorstfeld S\u00fcd (S1), Dortmund University (S1, 371, 445, 447, 462, X13, 465, H-Bahn), Federal Institute for Occupational Safety and Health (447)<\/span><span data-ccp-props=\"{}\">&nbsp;<\/span><\/p><\/div><hr class=\"x-line e476-e38 md8-s md8-t\"\/><div class=\"x-text x-content e476-e39 md8-j md8-m md8-n md8-o\"><p><b><span data-contrast=\"auto\">Gastronomy<br \/><br \/><\/span><\/b><span data-contrast=\"auto\"><em>Bergmann Beer Hall<\/em> (Phoenix West): Cult beer in an industrial setting: uncomplicated, honest, typical Ruhr Valley. Small menu with regional classics (including vegetarian options), plus a great atmosphere. Perfect for a relaxed after-work beer following a stroll through the area. Stop: Dortmund-H\u00f6rde (RE57, RB53, RB59, U41 towards Clarenberg), then: PHOENIX Platz (451 towards PHOENIX Park, 445 towards Technologiezentrum)<\/span><span data-ccp-props=\"{}\">&nbsp;<\/span><\/p>\n<p><span data-contrast=\"auto\"><em>H\u00d6VELS Home Brewery<\/em>: Traditional brewery just a few minutes from the Old Market Square; home-brewed beer and down-to-earth cuisine. Large dining area, often with a beer garden atmosphere. Stops: Westentor (U42, U43, U44, 452), Kampstra\u00dfe (U41, U43, U44, U45, U47, U49)<\/span><span data-ccp-props=\"{}\">&nbsp;<\/span><\/p>\n<p><span data-contrast=\"auto\"><em>Zum Alten Markt<\/em>: A classic in a historic location. Westphalian cuisine and a solid selection of beers. A good option if you want to experience \u201cpure Dortmund.\u201d Central, uncomplicated, ideal for mixed groups. Stops: Reinoldikirche (U42, U43, U44, U46, 460)<\/span><span data-ccp-props=\"{}\">&nbsp;<\/span><\/p><\/div><\/div><\/div><\/div><div class=\"e476-e40 x-acc-item\"><button id=\"tab-e476-e40\" class=\"x-acc-header\" role=\"button\" type=\"button\" aria-expanded=\"false\" aria-controls=\"panel-e476-e40\" data-x-toggle=\"collapse\" data-x-toggleable=\"e476-e40\"><span class=\"x-acc-header-content\"><span class=\"x-acc-header-indicator\">&#x25b8;<\/span><span class=\"x-acc-header-text\"><span style=\"color: #000000;\"><strong>Program: Tuesday, 23.09.<\/strong><\/span><\/span><\/span><\/button><div id=\"panel-e476-e40\" role=\"tabpanel\" aria-hidden=\"true\" aria-labelledby=\"tab-e476-e40\" data-x-toggleable=\"e476-e40\" data-x-toggle-collapse=\"1\" class=\"x-collapsed\"><div class=\"x-acc-content\"><div class=\"x-div e476-e41 md8-x md8-y md8-z\"><style>\ntable {\n  border-collapse: collapse;\n  width: 100%;\n}\n\nth, td {\n  padding: 8px;\n  text-align: centre;\n  border-bottom: 1px solid #DDD;\n}\n  \ncol:nth-child(1) {\n  width: 12%;\n}\n\ncol:nth-child(2),\ncol:nth-child(3),\ncol:nth-child(4) {\n  width: 29%;\n}\n\ntr:hover {background-color: #D6EEEE;}\n<\/style>\n\n<table>\n  <colgroup>\n    <col>\n    <col>\n    <col>\n    <col>\n  <\/colgroup>\n   \n    <tr>\n        <td>8:30 - 9:00<\/td>\n        <td colspan=\"3\" >Registration &amp; coffee <br><\/td>\n        \n    <\/tr>\n    <tr>\n        <td>9:00 - 10:00<\/td>\n        <td colspan=\"3\">Welcome and keynote speech <br> Prof. Dr.-Ing. habil. Boris Otto, TU Dortmund und Fraunhofer ISST  <br>\n          Room: H.001<\/td>\n    <\/tr>\n    <tr>\n        <td>10:00 - 11:00<\/td>\n        <td colspan=\"3\">Keynote <br> Univ.-Prof. Dr.-Ing. Thomas von Unwerth, TU Chemnitz \/ Institut f\u00fcr Automobilforschung  <br>\n          Room: H.001<\/td>\n    <\/tr>\n    <tr>\n        <td>11:00 - 11:30<\/td>\n        <td colspan=\"3\">Demonstrator Presentation<br> MobilKreis projects  <br>\n          Room: H.001<\/td>\n    <\/tr>\n    <tr>\n        <td>11:30 - 12:30<\/td>\n        <td colspan=\"3\"> Tour of the demonstrators  <br>\n          Room: 1.004<\/td>\n        \n    <\/tr>\n    <tr>\n        <td>12:30 - 13:30<\/td>\n        <td colspan=\"3\">Lunch break <br>\n          Room: Next to 1.001<\/td>\n        \n    <\/tr>\n  \n    <tr>\n        <td>13:30 - 15:00<\/td>\n      \t<th>Paper Session: Digitization, Data Management, and Data Ecosystems  <br>\n          Room: 1.001<\/th>\n      \t<th>Paper Session: Life Cycle Assessment &amp; Circular Transformation <br>\n          Room: 2.008<\/th>\n        <th>The circular economy made tangible: the basic workshop <br> Room: 1.004<\/th>\n    <\/tr>\n    <tr>\n        <td>13:30 - 14:00<\/td>\n        <td>Data and information exchange for a circular economy in the automotive industry<br>(Linda Sagnier, ZirkulEA, KIT)<\/td>\n        <td>Sustainability in focus \u2013 How to create environmentally friendly designs for technologically complex products such as automotive headlights<br>(Felix Siems, Nalyses, Fraunhofer IEM)<\/td>\n        <td rowspan=\"3\"> The workshop teaches the basics of the circular economy and the analysis of component durability using vehicle data and simulation. <\/td>\n    <\/tr>\n  \n    <tr>\n        <td>14:00 - 14:30<\/td>\n        <td>Platform approach to EaaS integration in adaptable production systems<br>(Viktor Schubert,\nFrank\nBreitenbach, Ali\nMoghadamm, AutoPilot,\nRWTH Aachen,\nSeeburger,\nEDAG)<\/td>\n        <td>Between systemic change and self-deception: Four theses on the ambivalence of the circular economy<br>(Yannick Gehlen, TU Darmstadt)<\/td>\n        \n    <\/tr>\n  \t<tr>\n        <td>14:30 - 15:00<\/td>\n        <td>Are data and AI really the key to sustainable mobility?<br>(Jens Ziehn, DAKIMO, Fraunhofer IOSB)<\/td>\n        <td>Modeling language for visualizing circular value creation<br>(Julia Vehmeyer, ZirkuPro, Heinz Nixdorf Institut)<\/td>\n        \n    <\/tr>\n          \n    <tr>\n        <td>15:00 - 15:15<\/td>\n        <td colspan=\"3\">Coffee break <\/td>\n    <\/tr>\n      \n    <tr>\n        <td>15:15 - 16:45<\/td>\n      \t<th>Paper Session: Recyclable Production &amp; Operating Resources  <br>\n          Room: 1.001<\/th>\n      \t<th>Paper Session: Battery Systems <br>\n          Room: 2.008<\/th>\n        <th>Valuable cycles: Designing business models for the circular economy <br> Room: 1.005<\/th>\n    <\/tr>\n    <tr>\n        <td>15:15 - 15:45<\/td>\n        <td>Sustainable automotive production through recyclable operating materials <br>(Marc-Andr\u00e9 Weism\u00fcller,\nSven\nEichhorn, AutoPilot, RWTH Aachen,\nLigenium)<\/td>\n        <td>From regulations to practice: Modern safety concepts for the storage of lithium-ion batteries<br>(Max Plotnikov, InnoLogBat, Fraunhofer IML)<\/td>\n        <td rowspan=\"3\">The workshop provides practical examples of how business processes and digital methods can contribute to sustainable value creation in the circular economy. <\/td>\n    <\/tr>\n  \n    <tr>\n        <td>15:45 - 16:15<\/td>\n        <td>Basis and framework conditions for scaling equipment-as-a-service models in automotive production<br>(Marc-Andr\u00e9 Weism\u00fcller,\nAlexander Sorgenicht, AutoPilot, RWTH Aachen,\nCapgemini)<\/td>\n        <td>Dismantling and reuse strategies for traction battery storage systems<br>(Dennis Mahlstedt, EKODA, FFT Produktionssysteme GmbH &amp; Co. KG)<\/td>\n        \n    <\/tr>\n  \t<tr>\n        <td>16:15 - 16:45<\/td>\n        <td>Saxon Research Center CircEcon for Circular Economy <br>(Steve Sockol, CircEcon, TU Chemnitz)<\/td>\n        <td>Recycling of battery components<br>(Sandra Boekhoff, ZIRKEL, TU Braunschweig)<\/td>\n        \n    <\/tr> \n          \n    <tr>\n        <td>from 18:00<\/td>\n        <td colspan=\"3\">Evening program: Networking &amp; Gala Dinner <br>\n          Room: Brauturm im Dortmunder U, Leonie-Reygers-Terrasse, 44137 Dortmund<\/td>\n    <\/tr>\n<\/table><\/div><\/div><\/div><\/div><div class=\"e476-e43 x-acc-item\"><button id=\"tab-e476-e43\" class=\"x-acc-header\" role=\"button\" type=\"button\" aria-expanded=\"false\" aria-controls=\"panel-e476-e43\" data-x-toggle=\"collapse\" data-x-toggleable=\"e476-e43\"><span class=\"x-acc-header-content\"><span class=\"x-acc-header-indicator\">&#x25b8;<\/span><span class=\"x-acc-header-text\"><span style=\"color: #000000;\"><strong>Program: Wednesday, 24.09.<\/strong><\/span><\/span><\/span><\/button><div id=\"panel-e476-e43\" role=\"tabpanel\" aria-hidden=\"true\" aria-labelledby=\"tab-e476-e43\" data-x-toggleable=\"e476-e43\" data-x-toggle-collapse=\"1\" class=\"x-collapsed\"><div class=\"x-acc-content\"><div class=\"x-div e476-e44 md8-x md8-y md8-z\"><style>\ntable {\n  border-collapse: collapse;\n  width: 100%;\n}\n\nth, td {\n  padding: 8px;\n  text-align: centre;\n  border-bottom: 1px solid #DDD;\n}\n  \n\ncol:nth-child(1) {\n  width: 12%;\n}\n\ncol:nth-child(2),\ncol:nth-child(3) {\n  width: 44%;\n}\ntr:hover td {\nbackground-color: #D6EEEE;\n}\n<\/style>\n\n<table >\n  <colgroup>\n    <col>\n    <col>\n    <col>\n    <col>\n  <\/colgroup>\n   \n    <tr >\n        <td>9:30 - 10:00<\/td>\n        <td colspan=\"3\" >Registration &amp; coffee <br><\/td>\n        \n    <\/tr>\n    <tr>\n        <td>10:00 - 11:00<\/td>\n        <td colspan=\"3\">Keynote <br>Prof. Dr. Barbara Dinter, TU Chemnitz <br> Dipl.-Ing. (FH) J\u00f6rg Witth\u00f6ft, ZF Group  <br>\n          Room: H.001<\/td>\n    <\/tr>\n          \n    <tr>\n        <td>11:00 - 13:00<\/td>\n      \t<th>Paper Session: Reprocessing, recycling, and acceptance among stakeholders  <br>\n          Room: 1.001<\/th>\n      \t<th>Paper Session: Automated, flexible disassembly  <br>\n          Room: 2.008<\/th>\n        <th>Value creation in the circular economy: business processes and digital technologies <br> Room: 1.005<\/th>\n    <\/tr>\n    <tr>\n        <td>11:00 - 11:30<\/td>\n        <td>Recycling of used conveyor chains made of POM in line with the principles of a circular economy<br>(Jens Sumpf, TU Chemnitz)<\/td>\n        <td>Automatisierte Demontage von elektrischen Antriebsaggregaten<br>(Sven Birkenfeld, ZirkulEA, TU Clausthal)<\/td>\n        <td class=\"ws2\" rowspan=\"4\">The workshop demonstrates how business processes and digital methods can contribute to sustainable value creation in the circular economy.<\/td>\n    <\/tr>\n          \n    <tr>\n        <td>11:30 - 12:00<\/td>\n        <td>Remanufacturing through data-driven decision-making and intelligent process planning<br>(Jonas Zielinski, EREP, ModuleWorks GmbH)<\/td>\n        <td>Possible future strategy for automotive production \u2013 potential for reusing automotive components<br>(Frank Riedel, EKODA, Fraunhofer IWU)<\/td>\n      \n    <\/tr>\n   \t<tr>\n        <td>12:00 - 12:30<\/td>\n        <td>The automotive industry in the context of the circular economy \u2013 stakeholder survey on implications in the EKODA project<br>(Jonathan Gaier, EKODA, Fraunhofer Umsicht)<\/td>\n        <td>Recycling of a steering gear component using a forming process chain to establish a circular economy in automotive production<br>(Moritz Hoffmann, EKODA, Robert Bosch GmbH)<\/td>\n       \n    <\/tr>        \n   \t<tr>\n        <td>12:30 - 13:00<\/td>\n        <td>Shaping cooperation in the circular economy: formats for exchange and collaboration in the OHLF lab <br> (Maischa Weber, TU Braunschweig)<\/br><\/td>\n       \n    \t\t<td>Circular engineering: A framework for assessing and enabling circular product development <br>(Sven Winter, :em engineering methods AG)<\/td>\n    <\/tr>\n          \n    <tr>\n        <td>13:00 - 13:30<\/td>\n        <td colspan=\"3\">Lunch break <br>\n          Room: Next to 1.001<\/td>\n       \n    <\/tr>\n      \n    <tr>\n        <td>13:30 - 15:00<\/td>\n        <th colspan=\"3\">Final presentations MobilKreis projects <br>\n          Room: H.001<\/th>\n       \n    <\/tr>\n  \t<tr>\n        <td>13:30 \u2013 14:00<\/td>\n        <td colspan=\"3\">Zirkulea <\/td>\n    <\/tr>\n    <tr>\n        <td>14:00 \u2013 14:30<\/td>\n        <td colspan=\"3\">Ekoda<\/td>\n    <\/tr>\n    <tr>\n        <td>14:30 \u2013 15:00<\/td>\n        <td colspan=\"3\">Autopilot <\/td>\n    <\/tr>\n   \n    <tr>\n        <td>15:00 - 15:15<\/td>\n        <td colspan=\"3\">Coffee break <\/td>\n    <\/tr>\n      \n     <tr>\n        <td>from 15:15<\/td>\n        <th colspan=\"3\">Final presentations MobilKreis projects <br>\n          Room: H.001<\/th>\n       \n    <\/tr> \n       <tr>\n        <td>15:15 - 15:45<\/td>\n        <td colspan=\"3\">Nalyses<\/td>\n    <\/tr>\n       <tr>\n        <td>15:45 - 16:15<\/td>\n        <td colspan=\"3\">Erep<\/td>\n    <\/tr>\n       <tr>\n        <td>16:15 - 16:45<\/td>\n        <td colspan=\"3\">Zirkel<\/td>\n    <\/tr>\n       <tr>\n        <td>16:45 - 17:15<\/td>\n        <td colspan=\"3\">Dakimo<\/td>\n    <\/tr>\n       <tr>\n        <td>17:15 - 17:45<\/td>\n        <td colspan=\"3\">Innologbat<\/td>\n    <\/tr>\n       <tr>\n        <td>17:45 \u2013 18:15<\/td>\n        <th colspan=\"3\">DIONA closing speech and final remarks<br>\n          Room: H.001<\/th>\n    <\/tr>\n<\/table><\/div><\/div><\/div><\/div><\/div><\/div><div class=\"x-col e476-e46 md8-g\"><div id=\"german-program-link\"><\/div>\n\n<script>\n  document.addEventListener(\"DOMContentLoaded\", function () {\n    \/\/ Check if current HTML tag has language \"en\" or URL starts with \/en\n    if (document.documentElement.lang.startsWith(\"en\") || window.location.pathname.startsWith(\"\/en\")) {\n      \/\/ Create the link\n      var link = document.createElement(\"a\");\n      link.href = \"https:\/\/mobilkreis.de\/mobilkreis-tagung-2\/\";\n      link.textContent = \"See the program in German\";\n      link.style.display = \"inline-block\";\n      link.style.marginTop = \"20px\";\n\n      \/\/ Add the link inside the placeholder div\n      var target = document.getElementById(\"german-program-link\");\n      if (target) {\n        target.appendChild(link);\n      }\n    }\n  });\n<\/script>\n<\/div><\/div><\/div><div class=\"x-row x-container max width e476-e48 md8-4 md8-5 md8-7 md8-e\"><div class=\"x-row-inner\"><div class=\"x-col e476-e49 md8-g\"><hr class=\"x-line e476-e50 md8-s md8-t\"\/><div class=\"x-text x-content e476-e51 md8-j md8-m md8-o md8-q\"><h6><strong>Impressions from the second MobilKreis conference (photographer: Ludger Staudinger)<\/strong><\/h6><\/div><div class=\"x-div e476-e52 md8-x md8-y md8-z\"><div class=\"x-div e476-e53 md8-x md8-y md8-z\"><div class=\"x-slide-container-viewport is-loading e476-e54 md8-16\" data-x-slide-container=\"{&quot;keyboardNavigation&quot;:true,&quot;snap&quot;:true,&quot;direction&quot;:&quot;forward&quot;,&quot;startingSlide&quot;:1}\"><div class=\"x-slide-container-content x-container max width\"><div class=\"x-slide-container is-inline is-paged\"><div class=\"x-slide e476-e55 md8-17\" data-x-slide=\"\"><span class=\"x-image e476-e56 md8-13 md8-15\"><img decoding=\"async\" src=\"https:\/\/mobilkreis.de\/wp-content\/uploads\/2025\/10\/Mobilkreis-Tagung-2025-Tag-1-23.09.2025-149.jpg\" width=\"4121\" height=\"2747\" alt=\"Image\" loading=\"lazy\"><\/span><\/div><div class=\"x-slide e476-e57 md8-17\" data-x-slide=\"\"><span class=\"x-image e476-e58 md8-13 md8-15\"><img decoding=\"async\" src=\"https:\/\/mobilkreis.de\/wp-content\/uploads\/2025\/10\/Mobilkreis-Tagung-2025-Tag-1-23.09.2025-383.jpg\" width=\"4008\" height=\"2672\" alt=\"Image\" loading=\"lazy\"><\/span><\/div><div class=\"x-slide e476-e59 md8-17\" data-x-slide=\"\"><span class=\"x-image e476-e60 md8-13 md8-15\"><img decoding=\"async\" src=\"https:\/\/mobilkreis.de\/wp-content\/uploads\/2025\/10\/Mobilkreis-Tagung-2025-Tag-1-23.09.2025-061-scaled.jpg\" width=\"2560\" height=\"1707\" alt=\"Image\" loading=\"lazy\"><\/span><\/div><div class=\"x-slide e476-e61 md8-17\" data-x-slide=\"\"><span class=\"x-image e476-e62 md8-13 md8-15\"><img decoding=\"async\" src=\"https:\/\/mobilkreis.de\/wp-content\/uploads\/2025\/10\/Mobilkreis-Tagung-2025-Tag-1-23.09.2025-084.jpg\" width=\"4117\" height=\"2745\" alt=\"Image\" loading=\"lazy\"><\/span><\/div><div class=\"x-slide e476-e63 md8-17\" data-x-slide=\"\"><span class=\"x-image e476-e64 md8-13 md8-15\"><img decoding=\"async\" src=\"https:\/\/mobilkreis.de\/wp-content\/uploads\/2025\/10\/Mobilkreis-Tagung-2025-Tag-1-23.09.2025-223.jpg\" width=\"3944\" height=\"2629\" alt=\"Image\" loading=\"lazy\"><\/span><\/div><div class=\"x-slide e476-e65 md8-17\" data-x-slide=\"\"><span class=\"x-image e476-e66 md8-13 md8-15\"><img decoding=\"async\" src=\"https:\/\/mobilkreis.de\/wp-content\/uploads\/2025\/10\/Mobilkreis-Tagung-2025-Tag-1-23.09.2025-175.jpg\" width=\"4122\" height=\"2748\" alt=\"Image\" loading=\"lazy\"><\/span><\/div><div class=\"x-slide e476-e67 md8-17\" data-x-slide=\"\"><span class=\"x-image e476-e68 md8-13 md8-15\"><img decoding=\"async\" src=\"https:\/\/mobilkreis.de\/wp-content\/uploads\/2025\/10\/Mobilkreis-Tagung-2025-Tag-1-23.09.2025-122.jpg\" width=\"3954\" height=\"2636\" alt=\"Image\" loading=\"lazy\"><\/span><\/div><div class=\"x-slide e476-e69 md8-17\" data-x-slide=\"\"><span class=\"x-image e476-e70 md8-13 md8-15\"><img decoding=\"async\" src=\"https:\/\/mobilkreis.de\/wp-content\/uploads\/2025\/10\/Mobilkreis-Tagung-2025-Tag-1-23.09.2025-167.jpg\" width=\"4073\" height=\"2715\" alt=\"Image\" loading=\"lazy\"><\/span><\/div><div class=\"x-slide e476-e71 md8-17\" data-x-slide=\"\"><span class=\"x-image e476-e72 md8-13 md8-15\"><img decoding=\"async\" src=\"https:\/\/mobilkreis.de\/wp-content\/uploads\/2025\/10\/Mobilkreis-Tagung-2025-Tag-1-23.09.2025-162.jpg\" width=\"4089\" height=\"2726\" alt=\"Image\" loading=\"lazy\"><\/span><\/div><div class=\"x-slide e476-e73 md8-17\" data-x-slide=\"\"><span class=\"x-image e476-e74 md8-13 md8-15\"><img decoding=\"async\" src=\"https:\/\/mobilkreis.de\/wp-content\/uploads\/2025\/10\/Mobilkreis-Tagung-2025-Tag-1-23.09.2025-172.jpg\" width=\"4103\" height=\"2735\" alt=\"Image\" loading=\"lazy\"><\/span><\/div><div class=\"x-slide e476-e75 md8-17\" data-x-slide=\"\"><span class=\"x-image e476-e76 md8-13 md8-15\"><img decoding=\"async\" src=\"https:\/\/mobilkreis.de\/wp-content\/uploads\/2025\/10\/Mobilkreis-Tagung-2025-Tag-1-23.09.2025-169.jpg\" width=\"4076\" height=\"2717\" alt=\"Image\" loading=\"lazy\"><\/span><\/div><div class=\"x-slide e476-e77 md8-17\" data-x-slide=\"\"><span class=\"x-image e476-e78 md8-13 md8-15\"><img decoding=\"async\" src=\"https:\/\/mobilkreis.de\/wp-content\/uploads\/2025\/10\/Mobilkreis-Tagung-2025-Tag-1-23.09.2025-161.jpg\" width=\"4111\" height=\"2741\" alt=\"Image\" loading=\"lazy\"><\/span><\/div><div class=\"x-slide e476-e79 md8-17\" data-x-slide=\"\"><span class=\"x-image e476-e80 md8-13 md8-15\"><img decoding=\"async\" src=\"https:\/\/mobilkreis.de\/wp-content\/uploads\/2025\/10\/Mobilkreis-Tagung-2025-Tag-1-23.09.2025-295.jpg\" width=\"4110\" height=\"2740\" alt=\"Image\" loading=\"lazy\"><\/span><\/div><div class=\"x-slide e476-e81 md8-17\" data-x-slide=\"\"><span class=\"x-image e476-e82 md8-13 md8-15\"><img decoding=\"async\" src=\"https:\/\/mobilkreis.de\/wp-content\/uploads\/2025\/10\/Mobilkreis-Tagung-2025-Tag-1-23.09.2025-177.jpg\" width=\"3951\" height=\"2634\" alt=\"Image\" loading=\"lazy\"><\/span><\/div><div class=\"x-slide e476-e83 md8-17\" data-x-slide=\"\"><span class=\"x-image e476-e84 md8-13 md8-15\"><img decoding=\"async\" src=\"https:\/\/mobilkreis.de\/wp-content\/uploads\/2025\/10\/Mobilkreis-Tagung-2025-Tag-1-23.09.2025-197.jpg\" width=\"4113\" height=\"2742\" alt=\"Image\" loading=\"lazy\"><\/span><\/div><div class=\"x-slide e476-e85 md8-17\" data-x-slide=\"\"><span class=\"x-image e476-e86 md8-13 md8-15\"><img decoding=\"async\" src=\"https:\/\/mobilkreis.de\/wp-content\/uploads\/2025\/10\/Mobilkreis-Tagung-2025-Tag-1-23.09.2025-062.jpg\" width=\"4126\" height=\"2751\" alt=\"Image\" loading=\"lazy\"><\/span><\/div><div class=\"x-slide e476-e87 md8-17\" data-x-slide=\"\"><span class=\"x-image e476-e88 md8-13 md8-15\"><img decoding=\"async\" src=\"https:\/\/mobilkreis.de\/wp-content\/uploads\/2025\/10\/Mobilkreis-Tagung-2025-Tag-2-24.09.2025-049.jpg\" width=\"4108\" height=\"2738\" alt=\"Image\" loading=\"lazy\"><\/span><\/div><div class=\"x-slide e476-e89 md8-17\" data-x-slide=\"\"><span class=\"x-image e476-e90 md8-13 md8-15\"><img decoding=\"async\" src=\"https:\/\/mobilkreis.de\/wp-content\/uploads\/2025\/10\/Mobilkreis-Tagung-2025-Tag-2-24.09.2025-196.jpg\" width=\"8012\" height=\"5341\" alt=\"Image\" loading=\"lazy\"><\/span><\/div><\/div><\/div><\/div><div class=\"x-div e476-e91 md8-x md8-y md8-10 md8-11 md8-3\"><a class=\"x-div e476-e92 md8-x md8-z md8-10 md8-12\" href=\"#prev\" data-x-effect-provider=\"colors particles effects\" data-x-slide-prev=\"\"><i class=\"x-icon e476-e93 md8-18\" aria-hidden=\"true\" data-x-icon-o=\"&#xf060;\"><\/i><\/a><a class=\"x-div e476-e94 md8-x md8-z md8-10 md8-12\" href=\"#next\" data-x-effect-provider=\"colors particles effects\" data-x-slide-next=\"\"><i class=\"x-icon e476-e95 md8-18\" aria-hidden=\"true\" data-x-icon-o=\"&#xf061;\"><\/i><\/a><\/div><\/div><ul class=\"x-slide-pagination is-row e476-e96 md8-19\" data-x-slide-pagination=\"\"><\/ul><\/div><div class=\"x-text x-content e476-e97 md8-j md8-m md8-n md8-o translation-block\">Further impressions of the second MobilKreis conference can be found <a href=\"https:\/\/www.picdrop.com\/ludgerstaudinger\/3nt7CAn8GA\" target=\"_self\">here<\/a>.<\/div><hr class=\"x-line e476-e98 md8-s md8-t\"\/><div class=\"x-text x-content e476-e99 md8-j md8-m md8-o md8-q\"><h6><strong>Impressions from the first MobilKreis conference (photographer: Georgiy Kupenskiy)<\/strong><\/h6><\/div><div class=\"x-div e476-e100 md8-x md8-y md8-z\"><div class=\"x-div e476-e101 md8-x md8-y md8-z\"><div class=\"x-slide-container-viewport is-loading e476-e102 md8-16\" data-x-slide-container=\"{&quot;keyboardNavigation&quot;:true,&quot;snap&quot;:true,&quot;direction&quot;:&quot;forward&quot;,&quot;startingSlide&quot;:1}\"><div class=\"x-slide-container-content x-container max width\"><div class=\"x-slide-container is-inline is-paged\"><div class=\"x-slide e476-e103 md8-17\" data-x-slide=\"\"><span class=\"x-image e476-e104 md8-13 md8-15\"><img decoding=\"async\" src=\"https:\/\/mobilkreis.de\/wp-content\/uploads\/2025\/03\/MobilKreis-Tagung_2024.jpg\" width=\"1024\" height=\"682\" alt=\"Image\" loading=\"lazy\"><\/span><\/div><div class=\"x-slide e476-e105 md8-17\" data-x-slide=\"\"><span class=\"x-image e476-e106 md8-13 md8-15\"><img decoding=\"async\" src=\"https:\/\/mobilkreis.de\/wp-content\/uploads\/2025\/03\/MobilKreis-Tagung_2024_1.jpg\" width=\"1024\" height=\"682\" alt=\"Image\" loading=\"lazy\"><\/span><\/div><div class=\"x-slide e476-e107 md8-17\" data-x-slide=\"\"><span class=\"x-image e476-e108 md8-13 md8-15\"><img decoding=\"async\" src=\"https:\/\/mobilkreis.de\/wp-content\/uploads\/2025\/03\/MobilKreis-Tagung_2024_2.jpg\" width=\"1024\" height=\"682\" alt=\"Image\" loading=\"lazy\"><\/span><\/div><div class=\"x-slide e476-e109 md8-17\" data-x-slide=\"\"><span class=\"x-image e476-e110 md8-13 md8-15\"><img decoding=\"async\" src=\"https:\/\/mobilkreis.de\/wp-content\/uploads\/2025\/03\/MobilKreis-Tagung_2024_3.jpg\" width=\"1024\" height=\"682\" alt=\"Image\" loading=\"lazy\"><\/span><\/div><div class=\"x-slide e476-e111 md8-17\" data-x-slide=\"\"><span class=\"x-image e476-e112 md8-13 md8-15\"><img decoding=\"async\" src=\"https:\/\/mobilkreis.de\/wp-content\/uploads\/2025\/03\/MobilKreis-Tagung_2024_4.jpg\" width=\"1024\" height=\"682\" alt=\"Image\" loading=\"lazy\"><\/span><\/div><div class=\"x-slide e476-e113 md8-17\" data-x-slide=\"\"><span class=\"x-image e476-e114 md8-13 md8-15\"><img decoding=\"async\" src=\"https:\/\/mobilkreis.de\/wp-content\/uploads\/2025\/03\/IMG_1923-scaled.jpg\" width=\"1280\" height=\"851\" alt=\"Image\" loading=\"lazy\"><\/span><\/div><div class=\"x-slide e476-e115 md8-17\" data-x-slide=\"\"><span class=\"x-image e476-e116 md8-13 md8-15\"><img decoding=\"async\" src=\"https:\/\/mobilkreis.de\/wp-content\/uploads\/2025\/03\/IMG_1273-scaled.jpg\" width=\"1280\" height=\"853\" alt=\"Image\" loading=\"lazy\"><\/span><\/div><div class=\"x-slide e476-e117 md8-17\" data-x-slide=\"\"><span class=\"x-image e476-e118 md8-13 md8-15\"><img decoding=\"async\" src=\"https:\/\/mobilkreis.de\/wp-content\/uploads\/2025\/03\/IMG_1926-scaled.jpg\" width=\"1280\" height=\"851\" alt=\"Image\" loading=\"lazy\"><\/span><\/div><div class=\"x-slide e476-e119 md8-17\" data-x-slide=\"\"><span class=\"x-image e476-e120 md8-13 md8-15\"><img decoding=\"async\" src=\"https:\/\/mobilkreis.de\/wp-content\/uploads\/2025\/03\/IMG_1942-scaled.jpg\" width=\"1280\" height=\"851\" alt=\"Image\" loading=\"lazy\"><\/span><\/div><div class=\"x-slide e476-e121 md8-17\" data-x-slide=\"\"><span class=\"x-image e476-e122 md8-13 md8-15\"><img decoding=\"async\" src=\"https:\/\/mobilkreis.de\/wp-content\/uploads\/2025\/03\/IMG_1970-scaled.jpg\" width=\"1280\" height=\"851\" alt=\"Image\" loading=\"lazy\"><\/span><\/div><div class=\"x-slide e476-e123 md8-17\" data-x-slide=\"\"><span class=\"x-image e476-e124 md8-13 md8-15\"><img decoding=\"async\" src=\"https:\/\/mobilkreis.de\/wp-content\/uploads\/2025\/03\/IMG_1956-scaled.jpg\" width=\"1280\" height=\"851\" alt=\"Image\" loading=\"lazy\"><\/span><\/div><div class=\"x-slide e476-e125 md8-17\" data-x-slide=\"\"><span class=\"x-image e476-e126 md8-13 md8-15\"><img decoding=\"async\" src=\"https:\/\/mobilkreis.de\/wp-content\/uploads\/2025\/03\/IMG_1980-scaled.jpg\" width=\"1280\" height=\"851\" alt=\"Image\" loading=\"lazy\"><\/span><\/div><div class=\"x-slide e476-e127 md8-17\" data-x-slide=\"\"><span class=\"x-image e476-e128 md8-13 md8-15\"><img decoding=\"async\" src=\"https:\/\/mobilkreis.de\/wp-content\/uploads\/2025\/03\/IMG_1983-scaled.jpg\" width=\"1280\" height=\"851\" alt=\"Image\" loading=\"lazy\"><\/span><\/div><div class=\"x-slide e476-e129 md8-17\" data-x-slide=\"\"><span class=\"x-image e476-e130 md8-13 md8-15\"><img decoding=\"async\" src=\"https:\/\/mobilkreis.de\/wp-content\/uploads\/2025\/03\/IMG_1167-scaled.jpg\" width=\"1280\" height=\"853\" alt=\"Image\" loading=\"lazy\"><\/span><\/div><div class=\"x-slide e476-e131 md8-17\" data-x-slide=\"\"><span class=\"x-image e476-e132 md8-13 md8-15\"><img decoding=\"async\" src=\"https:\/\/mobilkreis.de\/wp-content\/uploads\/2025\/03\/IMG_1236-scaled.jpg\" width=\"1280\" height=\"853\" alt=\"Image\" loading=\"lazy\"><\/span><\/div><div class=\"x-slide e476-e133 md8-17\" data-x-slide=\"\"><span class=\"x-image e476-e134 md8-13 md8-15\"><img decoding=\"async\" src=\"https:\/\/mobilkreis.de\/wp-content\/uploads\/2025\/03\/IMG_1242-scaled.jpg\" width=\"1280\" height=\"853\" alt=\"Image\" loading=\"lazy\"><\/span><\/div><div class=\"x-slide e476-e135 md8-17\" data-x-slide=\"\"><span class=\"x-image e476-e136 md8-13 md8-15\"><img decoding=\"async\" src=\"https:\/\/mobilkreis.de\/wp-content\/uploads\/2025\/03\/IMG_1254-scaled.jpg\" width=\"1280\" height=\"853\" alt=\"Image\" loading=\"lazy\"><\/span><\/div><div class=\"x-slide e476-e137 md8-17\" data-x-slide=\"\"><span class=\"x-image e476-e138 md8-13 md8-15\"><img decoding=\"async\" src=\"https:\/\/mobilkreis.de\/wp-content\/uploads\/2025\/03\/IMG_1297-scaled.jpg\" width=\"2560\" height=\"1707\" alt=\"Image\" loading=\"lazy\"><\/span><\/div><\/div><\/div><\/div><div class=\"x-div e476-e139 md8-x md8-y md8-10 md8-11 md8-3\"><a class=\"x-div e476-e140 md8-x md8-z md8-10 md8-12\" href=\"#prev\" data-x-effect-provider=\"colors particles effects\" data-x-slide-prev=\"\"><i class=\"x-icon e476-e141 md8-18\" aria-hidden=\"true\" data-x-icon-o=\"&#xf060;\"><\/i><\/a><a class=\"x-div e476-e142 md8-x md8-z md8-10 md8-12\" href=\"#next\" data-x-effect-provider=\"colors particles effects\" data-x-slide-next=\"\"><i class=\"x-icon e476-e143 md8-18\" aria-hidden=\"true\" data-x-icon-o=\"&#xf061;\"><\/i><\/a><\/div><\/div><ul class=\"x-slide-pagination is-row e476-e144 md8-19\" data-x-slide-pagination=\"\"><\/ul><\/div><\/div><\/div><\/div><\/div><\/div>","protected":false},"excerpt":{"rendered":"<p>MobilKreis-Tagung Nach einem erfolgreichen Auftakt letztes Jahr veranstalten wir am 23. und 24. September 2025 die 2. MobilKreis-Tagung in Dortmund. Das Thema lautet dieses Jahr &bdquo;Kreislaufwirtschaft gemeinsam gestalten: Innovationen zwischen &#8230; <\/p>\n<div><a href=\"https:\/\/mobilkreis.de\/en\/mobilkreis-tagung-2\/\" class=\"more-link\">Read More<\/a><\/div>","protected":false},"author":4,"featured_media":0,"parent":0,"menu_order":0,"comment_status":"closed","ping_status":"closed","template":"template-blank-4.php","meta":{"inline_featured_image":false,"footnotes":""},"class_list":["post-476","page","type-page","status-publish","hentry","no-post-thumbnail"],"yoast_head":"<!-- This site is optimized with the Yoast SEO plugin v27.5 - https:\/\/yoast.com\/product\/yoast-seo-wordpress\/ -->\n<title>MobilKreis-Tagung - mobilkreis.de<\/title>\n<meta name=\"robots\" content=\"index, follow, max-snippet:-1, max-image-preview:large, max-video-preview:-1\" \/>\n<link rel=\"canonical\" href=\"https:\/\/mobilkreis.de\/en\/mobilkreis-tagung-2\/\" \/>\n<meta property=\"og:locale\" content=\"en_US\" \/>\n<meta property=\"og:type\" content=\"article\" \/>\n<meta property=\"og:title\" content=\"MobilKreis-Tagung - mobilkreis.de\" \/>\n<meta property=\"og:description\" content=\"MobilKreis-Tagung Nach einem erfolgreichen Auftakt letztes Jahr veranstalten wir am 23. und 24. September 2025 die 2. MobilKreis-Tagung in Dortmund. Das Thema lautet dieses Jahr &bdquo;Kreislaufwirtschaft gemeinsam gestalten: Innovationen zwischen ... Read More\" \/>\n<meta property=\"og:url\" content=\"https:\/\/mobilkreis.de\/en\/mobilkreis-tagung-2\/\" \/>\n<meta property=\"og:site_name\" content=\"mobilkreis.de\" \/>\n<meta property=\"article:modified_time\" content=\"2025-10-14T05:58:44+00:00\" \/>\n<meta property=\"og:image\" content=\"https:\/\/mobilkreis.de\/wp-content\/uploads\/2024\/06\/cropped-android-chrome-512x512-1.png\" \/>\n\t<meta property=\"og:image:width\" content=\"512\" \/>\n\t<meta property=\"og:image:height\" content=\"512\" \/>\n\t<meta property=\"og:image:type\" content=\"image\/png\" \/>\n<meta name=\"twitter:card\" content=\"summary_large_image\" \/>\n<meta name=\"twitter:label1\" content=\"Est. reading time\" \/>\n\t<meta name=\"twitter:data1\" content=\"6 minutes\" \/>\n<script type=\"application\/ld+json\" class=\"yoast-schema-graph\">{\"@context\":\"https:\\\/\\\/schema.org\",\"@graph\":[{\"@type\":\"WebPage\",\"@id\":\"https:\\\/\\\/mobilkreis.de\\\/mobilkreis-tagung-2\\\/\",\"url\":\"https:\\\/\\\/mobilkreis.de\\\/mobilkreis-tagung-2\\\/\",\"name\":\"MobilKreis-Tagung - mobilkreis.de\",\"isPartOf\":{\"@id\":\"https:\\\/\\\/mobilkreis.de\\\/#website\"},\"datePublished\":\"2024-06-03T13:29:44+00:00\",\"dateModified\":\"2025-10-14T05:58:44+00:00\",\"breadcrumb\":{\"@id\":\"https:\\\/\\\/mobilkreis.de\\\/mobilkreis-tagung-2\\\/#breadcrumb\"},\"inLanguage\":\"en-US\",\"potentialAction\":[{\"@type\":\"ReadAction\",\"target\":[\"https:\\\/\\\/mobilkreis.de\\\/mobilkreis-tagung-2\\\/\"]}]},{\"@type\":\"BreadcrumbList\",\"@id\":\"https:\\\/\\\/mobilkreis.de\\\/mobilkreis-tagung-2\\\/#breadcrumb\",\"itemListElement\":[{\"@type\":\"ListItem\",\"position\":1,\"name\":\"Startseite\",\"item\":\"https:\\\/\\\/mobilkreis.de\\\/\"},{\"@type\":\"ListItem\",\"position\":2,\"name\":\"MobilKreis-Tagung\"}]},{\"@type\":\"WebSite\",\"@id\":\"https:\\\/\\\/mobilkreis.de\\\/#website\",\"url\":\"https:\\\/\\\/mobilkreis.de\\\/\",\"name\":\"mobilkreis.de\",\"description\":\"\",\"publisher\":{\"@id\":\"https:\\\/\\\/mobilkreis.de\\\/#organization\"},\"potentialAction\":[{\"@type\":\"SearchAction\",\"target\":{\"@type\":\"EntryPoint\",\"urlTemplate\":\"https:\\\/\\\/mobilkreis.de\\\/?s={search_term_string}\"},\"query-input\":{\"@type\":\"PropertyValueSpecification\",\"valueRequired\":true,\"valueName\":\"search_term_string\"}}],\"inLanguage\":\"en-US\"},{\"@type\":\"Organization\",\"@id\":\"https:\\\/\\\/mobilkreis.de\\\/#organization\",\"name\":\"mobilkreis.de\",\"url\":\"https:\\\/\\\/mobilkreis.de\\\/\",\"logo\":{\"@type\":\"ImageObject\",\"inLanguage\":\"en-US\",\"@id\":\"https:\\\/\\\/mobilkreis.de\\\/#\\\/schema\\\/logo\\\/image\\\/\",\"url\":\"https:\\\/\\\/mobilkreis.de\\\/wp-content\\\/uploads\\\/2024\\\/06\\\/cropped-android-chrome-512x512-1.png\",\"contentUrl\":\"https:\\\/\\\/mobilkreis.de\\\/wp-content\\\/uploads\\\/2024\\\/06\\\/cropped-android-chrome-512x512-1.png\",\"width\":512,\"height\":512,\"caption\":\"mobilkreis.de\"},\"image\":{\"@id\":\"https:\\\/\\\/mobilkreis.de\\\/#\\\/schema\\\/logo\\\/image\\\/\"}}]}<\/script>\n<!-- \/ Yoast SEO plugin. -->","yoast_head_json":{"title":"MobilKreis-Tagung - mobilkreis.de","robots":{"index":"index","follow":"follow","max-snippet":"max-snippet:-1","max-image-preview":"max-image-preview:large","max-video-preview":"max-video-preview:-1"},"canonical":"https:\/\/mobilkreis.de\/en\/mobilkreis-tagung-2\/","og_locale":"en_US","og_type":"article","og_title":"MobilKreis-Tagung - mobilkreis.de","og_description":"MobilKreis-Tagung Nach einem erfolgreichen Auftakt letztes Jahr veranstalten wir am 23. und 24. September 2025 die 2. MobilKreis-Tagung in Dortmund. Das Thema lautet dieses Jahr &bdquo;Kreislaufwirtschaft gemeinsam gestalten: Innovationen zwischen ... Read More","og_url":"https:\/\/mobilkreis.de\/en\/mobilkreis-tagung-2\/","og_site_name":"mobilkreis.de","article_modified_time":"2025-10-14T05:58:44+00:00","og_image":[{"width":512,"height":512,"url":"https:\/\/mobilkreis.de\/wp-content\/uploads\/2024\/06\/cropped-android-chrome-512x512-1.png","type":"image\/png"}],"twitter_card":"summary_large_image","twitter_misc":{"Est. reading time":"6 minutes"},"schema":{"@context":"https:\/\/schema.org","@graph":[{"@type":"WebPage","@id":"https:\/\/mobilkreis.de\/mobilkreis-tagung-2\/","url":"https:\/\/mobilkreis.de\/mobilkreis-tagung-2\/","name":"MobilKreis-Tagung - mobilkreis.de","isPartOf":{"@id":"https:\/\/mobilkreis.de\/#website"},"datePublished":"2024-06-03T13:29:44+00:00","dateModified":"2025-10-14T05:58:44+00:00","breadcrumb":{"@id":"https:\/\/mobilkreis.de\/mobilkreis-tagung-2\/#breadcrumb"},"inLanguage":"en-US","potentialAction":[{"@type":"ReadAction","target":["https:\/\/mobilkreis.de\/mobilkreis-tagung-2\/"]}]},{"@type":"BreadcrumbList","@id":"https:\/\/mobilkreis.de\/mobilkreis-tagung-2\/#breadcrumb","itemListElement":[{"@type":"ListItem","position":1,"name":"Startseite","item":"https:\/\/mobilkreis.de\/"},{"@type":"ListItem","position":2,"name":"MobilKreis-Tagung"}]},{"@type":"WebSite","@id":"https:\/\/mobilkreis.de\/#website","url":"https:\/\/mobilkreis.de\/","name":"mobilkreis.de","description":"","publisher":{"@id":"https:\/\/mobilkreis.de\/#organization"},"potentialAction":[{"@type":"SearchAction","target":{"@type":"EntryPoint","urlTemplate":"https:\/\/mobilkreis.de\/?s={search_term_string}"},"query-input":{"@type":"PropertyValueSpecification","valueRequired":true,"valueName":"search_term_string"}}],"inLanguage":"en-US"},{"@type":"Organization","@id":"https:\/\/mobilkreis.de\/#organization","name":"mobilkreis.de","url":"https:\/\/mobilkreis.de\/","logo":{"@type":"ImageObject","inLanguage":"en-US","@id":"https:\/\/mobilkreis.de\/#\/schema\/logo\/image\/","url":"https:\/\/mobilkreis.de\/wp-content\/uploads\/2024\/06\/cropped-android-chrome-512x512-1.png","contentUrl":"https:\/\/mobilkreis.de\/wp-content\/uploads\/2024\/06\/cropped-android-chrome-512x512-1.png","width":512,"height":512,"caption":"mobilkreis.de"},"image":{"@id":"https:\/\/mobilkreis.de\/#\/schema\/logo\/image\/"}}]}},"_links":{"self":[{"href":"https:\/\/mobilkreis.de\/en\/wp-json\/wp\/v2\/pages\/476","targetHints":{"allow":["GET"]}}],"collection":[{"href":"https:\/\/mobilkreis.de\/en\/wp-json\/wp\/v2\/pages"}],"about":[{"href":"https:\/\/mobilkreis.de\/en\/wp-json\/wp\/v2\/types\/page"}],"author":[{"embeddable":true,"href":"https:\/\/mobilkreis.de\/en\/wp-json\/wp\/v2\/users\/4"}],"replies":[{"embeddable":true,"href":"https:\/\/mobilkreis.de\/en\/wp-json\/wp\/v2\/comments?post=476"}],"version-history":[{"count":90,"href":"https:\/\/mobilkreis.de\/en\/wp-json\/wp\/v2\/pages\/476\/revisions"}],"predecessor-version":[{"id":1360,"href":"https:\/\/mobilkreis.de\/en\/wp-json\/wp\/v2\/pages\/476\/revisions\/1360"}],"wp:attachment":[{"href":"https:\/\/mobilkreis.de\/en\/wp-json\/wp\/v2\/media?parent=476"}],"curies":[{"name":"wp","href":"https:\/\/api.w.org\/{rel}","templated":true}]}}